{"id":507,"date":"2019-01-31T14:18:58","date_gmt":"2019-01-31T12:18:58","guid":{"rendered":"http:\/\/www.alfred-frey.ch\/wordpress\/?page_id=507"},"modified":"2019-02-05T09:48:54","modified_gmt":"2019-02-05T07:48:54","slug":"507-2","status":"publish","type":"page","link":"https:\/\/alfred-frey.ch\/?page_id=507","title":{"rendered":"2018   Sanierung Ferienhaus, 6747 Chironico \/ TI"},"content":{"rendered":"<p>Objekt:&nbsp;&nbsp; Energetische Sanierung Ferienhaus,&nbsp; 6747 Chironico \/ TI<br \/>\nAusgef\u00fchrte Arbeiten:&nbsp;&nbsp; Energetische Sanierung Aussenw\u00e4nde, Einzug 2 Zwischenb\u00f6den, Innenw\u00e4nde, inkl. Fachplanung<br \/>\nBauherrschaft:&nbsp;&nbsp; Herr Jakob Allenspach, Dorfstrasse 7, 9479 Malans<\/p>\n<!-- default-view.php -->\n<div\n\tclass=\"ngg-galleryoverview default-view \"\n\tid=\"ngg-gallery-485aadc28fa8e86c79bd6c448a5af777-1\">\n\n\t\t<!-- Thumbnails -->\n\t\t\t\t<div id=\"ngg-image-0\" class=\"ngg-gallery-thumbnail-box \" >\n\t\t\t\t        <div class=\"ngg-gallery-thumbnail\">\n            <a href=\"https:\/\/alfred-frey.ch\/wp-content\/gallery\/2018-allenspach-chironico\/Foto-7.JPG\"\n               title=\"\"\n               data-src=\"https:\/\/alfred-frey.ch\/wp-content\/gallery\/2018-allenspach-chironico\/Foto-7.JPG\"\n               data-thumbnail=\"https:\/\/alfred-frey.ch\/wp-content\/gallery\/2018-allenspach-chironico\/thumbs\/thumbs_Foto-7.JPG\"\n               data-image-id=\"172\"\n               data-title=\"Foto (7)\"\n               data-description=\"\"\n               data-image-slug=\"foto-7\"\n               class=\"ngg-simplelightbox\" rel=\"485aadc28fa8e86c79bd6c448a5af777\">\n                <img\n                    title=\"Foto (7)\"\n                    alt=\"Foto (7)\"\n                    src=\"https:\/\/alfred-frey.ch\/wp-content\/gallery\/2018-allenspach-chironico\/thumbs\/thumbs_Foto-7.JPG\"\n                    width=\"200\"\n                    height=\"150\"\n                    style=\"max-width:100%;\"\n                \/>\n            <\/a>\n        <\/div>\n\t\t\t\t\t\t\t<\/div> \n\t\t\t\n\t\t\t\t<div id=\"ngg-image-1\" class=\"ngg-gallery-thumbnail-box \" >\n\t\t\t\t        <div class=\"ngg-gallery-thumbnail\">\n            <a href=\"https:\/\/alfred-frey.ch\/wp-content\/gallery\/2018-allenspach-chironico\/P1100190.JPG\"\n               title=\"\"\n               data-src=\"https:\/\/alfred-frey.ch\/wp-content\/gallery\/2018-allenspach-chironico\/P1100190.JPG\"\n               data-thumbnail=\"https:\/\/alfred-frey.ch\/wp-content\/gallery\/2018-allenspach-chironico\/thumbs\/thumbs_P1100190.JPG\"\n               data-image-id=\"173\"\n               data-title=\"P1100190\"\n               data-description=\"\"\n               data-image-slug=\"p1100190\"\n               class=\"ngg-simplelightbox\" rel=\"485aadc28fa8e86c79bd6c448a5af777\">\n                <img\n                    title=\"P1100190\"\n                    alt=\"P1100190\"\n                    src=\"https:\/\/alfred-frey.ch\/wp-content\/gallery\/2018-allenspach-chironico\/thumbs\/thumbs_P1100190.JPG\"\n                    width=\"200\"\n                    height=\"150\"\n                    style=\"max-width:100%;\"\n                \/>\n            <\/a>\n        <\/div>\n\t\t\t\t\t\t\t<\/div> \n\t\t\t\n\t\t\t\t<div id=\"ngg-image-2\" class=\"ngg-gallery-thumbnail-box \" >\n\t\t\t\t        <div class=\"ngg-gallery-thumbnail\">\n            <a href=\"https:\/\/alfred-frey.ch\/wp-content\/gallery\/2018-allenspach-chironico\/P1100197.JPG\"\n               title=\"\"\n               data-src=\"https:\/\/alfred-frey.ch\/wp-content\/gallery\/2018-allenspach-chironico\/P1100197.JPG\"\n               data-thumbnail=\"https:\/\/alfred-frey.ch\/wp-content\/gallery\/2018-allenspach-chironico\/thumbs\/thumbs_P1100197.JPG\"\n               data-image-id=\"174\"\n               data-title=\"P1100197\"\n               data-description=\"\"\n               data-image-slug=\"p1100197\"\n               class=\"ngg-simplelightbox\" rel=\"485aadc28fa8e86c79bd6c448a5af777\">\n                <img\n                    title=\"P1100197\"\n                    alt=\"P1100197\"\n                    src=\"https:\/\/alfred-frey.ch\/wp-content\/gallery\/2018-allenspach-chironico\/thumbs\/thumbs_P1100197.JPG\"\n                    width=\"200\"\n                    height=\"150\"\n                    style=\"max-width:100%;\"\n                \/>\n            <\/a>\n        <\/div>\n\t\t\t\t\t\t\t<\/div> \n\t\t\t\n\t\t\t\t<div id=\"ngg-image-3\" class=\"ngg-gallery-thumbnail-box \" >\n\t\t\t\t        <div class=\"ngg-gallery-thumbnail\">\n            <a href=\"https:\/\/alfred-frey.ch\/wp-content\/gallery\/2018-allenspach-chironico\/P1100326.JPG\"\n               title=\"\"\n               data-src=\"https:\/\/alfred-frey.ch\/wp-content\/gallery\/2018-allenspach-chironico\/P1100326.JPG\"\n               data-thumbnail=\"https:\/\/alfred-frey.ch\/wp-content\/gallery\/2018-allenspach-chironico\/thumbs\/thumbs_P1100326.JPG\"\n               data-image-id=\"175\"\n               data-title=\"P1100326\"\n               data-description=\"\"\n               data-image-slug=\"p1100326\"\n               class=\"ngg-simplelightbox\" rel=\"485aadc28fa8e86c79bd6c448a5af777\">\n                <img\n                    title=\"P1100326\"\n                    alt=\"P1100326\"\n                    src=\"https:\/\/alfred-frey.ch\/wp-content\/gallery\/2018-allenspach-chironico\/thumbs\/thumbs_P1100326.JPG\"\n                    width=\"200\"\n                    height=\"150\"\n                    style=\"max-width:100%;\"\n                \/>\n            <\/a>\n        <\/div>\n\t\t\t\t\t\t\t<\/div> \n\t\t\t\n\t\t\t\t<div id=\"ngg-image-4\" class=\"ngg-gallery-thumbnail-box \" >\n\t\t\t\t        <div class=\"ngg-gallery-thumbnail\">\n            <a href=\"https:\/\/alfred-frey.ch\/wp-content\/gallery\/2018-allenspach-chironico\/P1100330.JPG\"\n               title=\"\"\n               data-src=\"https:\/\/alfred-frey.ch\/wp-content\/gallery\/2018-allenspach-chironico\/P1100330.JPG\"\n               data-thumbnail=\"https:\/\/alfred-frey.ch\/wp-content\/gallery\/2018-allenspach-chironico\/thumbs\/thumbs_P1100330.JPG\"\n               data-image-id=\"176\"\n               data-title=\"P1100330\"\n               data-description=\"\"\n               data-image-slug=\"p1100330\"\n               class=\"ngg-simplelightbox\" rel=\"485aadc28fa8e86c79bd6c448a5af777\">\n                <img\n                    title=\"P1100330\"\n                    alt=\"P1100330\"\n                    src=\"https:\/\/alfred-frey.ch\/wp-content\/gallery\/2018-allenspach-chironico\/thumbs\/thumbs_P1100330.JPG\"\n                    width=\"200\"\n                    height=\"150\"\n                    style=\"max-width:100%;\"\n                \/>\n            <\/a>\n        <\/div>\n\t\t\t\t\t\t\t<\/div> \n\t\t\t\n\t\n\t<br style=\"clear: both\" \/>\n\n\t\n\t\t<!-- Pagination -->\n\t<div class='ngg-clear'><\/div>\t<\/div>\n\n","protected":false},"excerpt":{"rendered":"<p>Objekt:&nbsp;&nbsp; Energetische Sanierung Ferienhaus,&nbsp; 6747 Chironico \/ TI Ausgef\u00fchrte Arbeiten:&nbsp;&nbsp; Energetische Sanierung Aussenw\u00e4nde, Einzug 2 Zwischenb\u00f6den, Innenw\u00e4nde, inkl. Fachplanung Bauherrschaft:&nbsp;&nbsp; Herr Jakob Allenspach, Dorfstrasse 7, 9479 Malans<\/p>\n","protected":false},"author":2,"featured_media":0,"parent":267,"menu_order":940,"comment_status":"closed","ping_status":"closed","template":"","meta":{"ngg_post_thumbnail":0,"footnotes":""},"_links":{"self":[{"href":"https:\/\/alfred-frey.ch\/index.php?rest_route=\/wp\/v2\/pages\/507"}],"collection":[{"href":"https:\/\/alfred-frey.ch\/index.php?rest_route=\/wp\/v2\/pages"}],"about":[{"href":"https:\/\/alfred-frey.ch\/index.php?rest_route=\/wp\/v2\/types\/page"}],"author":[{"embeddable":true,"href":"https:\/\/alfred-frey.ch\/index.php?rest_route=\/wp\/v2\/users\/2"}],"replies":[{"embeddable":true,"href":"https:\/\/alfred-frey.ch\/index.php?rest_route=%2Fwp%2Fv2%2Fcomments&post=507"}],"version-history":[{"count":9,"href":"https:\/\/alfred-frey.ch\/index.php?rest_route=\/wp\/v2\/pages\/507\/revisions"}],"predecessor-version":[{"id":708,"href":"https:\/\/alfred-frey.ch\/index.php?rest_route=\/wp\/v2\/pages\/507\/revisions\/708"}],"up":[{"embeddable":true,"href":"https:\/\/alfred-frey.ch\/index.php?rest_route=\/wp\/v2\/pages\/267"}],"wp:attachment":[{"href":"https:\/\/alfred-frey.ch\/index.php?rest_route=%2Fwp%2Fv2%2Fmedia&parent=507"}],"curies":[{"name":"wp","href":"https:\/\/api.w.org\/{rel}","templated":true}]}}