{"id":463,"date":"2019-01-19T17:12:20","date_gmt":"2019-01-19T15:12:20","guid":{"rendered":"http:\/\/www.alfred-frey.ch\/wordpress\/?page_id=463"},"modified":"2019-02-04T20:54:26","modified_gmt":"2019-02-04T18:54:26","slug":"2017-anbau-loggias-9472-grabs","status":"publish","type":"page","link":"https:\/\/alfred-frey.ch\/?page_id=463","title":{"rendered":"2017    Anbau Loggias, 9472 Grabs"},"content":{"rendered":"<p>Objekt:&nbsp;&nbsp; Anbau an MFH, Stockenhof, 9472 Grabs<br \/>\nAusgef\u00fchrte Arbeiten:&nbsp;&nbsp; Holzelemente f\u00fcr 4 Loggias und Abstellr\u00e4ume mit Fassade inkl. Fachplanung<br \/>\nBauherrschaft: &nbsp; Familie Daniela &amp; Martin Sulser<\/p>\n<!-- default-view.php -->\n<div\n\tclass=\"ngg-galleryoverview default-view \"\n\tid=\"ngg-gallery-744e4cfc06df8e614e0b9f3844e73594-1\">\n\n\t\t<!-- Thumbnails -->\n\t\t\t\t<div id=\"ngg-image-0\" class=\"ngg-gallery-thumbnail-box \" >\n\t\t\t\t        <div class=\"ngg-gallery-thumbnail\">\n            <a href=\"https:\/\/alfred-frey.ch\/wp-content\/gallery\/2017-sulser-grabs\/P1090973.JPG\"\n               title=\"\"\n               data-src=\"https:\/\/alfred-frey.ch\/wp-content\/gallery\/2017-sulser-grabs\/P1090973.JPG\"\n               data-thumbnail=\"https:\/\/alfred-frey.ch\/wp-content\/gallery\/2017-sulser-grabs\/thumbs\/thumbs_P1090973.JPG\"\n               data-image-id=\"125\"\n               data-title=\"P1090973\"\n               data-description=\"\"\n               data-image-slug=\"p1090973\"\n               class=\"ngg-simplelightbox\" rel=\"744e4cfc06df8e614e0b9f3844e73594\">\n                <img\n                    title=\"P1090973\"\n                    alt=\"P1090973\"\n                    src=\"https:\/\/alfred-frey.ch\/wp-content\/gallery\/2017-sulser-grabs\/thumbs\/thumbs_P1090973.JPG\"\n                    width=\"200\"\n                    height=\"150\"\n                    style=\"max-width:100%;\"\n                \/>\n            <\/a>\n        <\/div>\n\t\t\t\t\t\t\t<\/div> \n\t\t\t\n\t\t\t\t<div id=\"ngg-image-1\" class=\"ngg-gallery-thumbnail-box \" >\n\t\t\t\t        <div class=\"ngg-gallery-thumbnail\">\n            <a href=\"https:\/\/alfred-frey.ch\/wp-content\/gallery\/2017-sulser-grabs\/P1090974.JPG\"\n               title=\"\"\n               data-src=\"https:\/\/alfred-frey.ch\/wp-content\/gallery\/2017-sulser-grabs\/P1090974.JPG\"\n               data-thumbnail=\"https:\/\/alfred-frey.ch\/wp-content\/gallery\/2017-sulser-grabs\/thumbs\/thumbs_P1090974.JPG\"\n               data-image-id=\"126\"\n               data-title=\"P1090974\"\n               data-description=\"\"\n               data-image-slug=\"p1090974\"\n               class=\"ngg-simplelightbox\" rel=\"744e4cfc06df8e614e0b9f3844e73594\">\n                <img\n                    title=\"P1090974\"\n                    alt=\"P1090974\"\n                    src=\"https:\/\/alfred-frey.ch\/wp-content\/gallery\/2017-sulser-grabs\/thumbs\/thumbs_P1090974.JPG\"\n                    width=\"200\"\n                    height=\"150\"\n                    style=\"max-width:100%;\"\n                \/>\n            <\/a>\n        <\/div>\n\t\t\t\t\t\t\t<\/div> \n\t\t\t\n\t\t\t\t<div id=\"ngg-image-2\" class=\"ngg-gallery-thumbnail-box \" >\n\t\t\t\t        <div class=\"ngg-gallery-thumbnail\">\n            <a href=\"https:\/\/alfred-frey.ch\/wp-content\/gallery\/2017-sulser-grabs\/P1100050.JPG\"\n               title=\"\"\n               data-src=\"https:\/\/alfred-frey.ch\/wp-content\/gallery\/2017-sulser-grabs\/P1100050.JPG\"\n               data-thumbnail=\"https:\/\/alfred-frey.ch\/wp-content\/gallery\/2017-sulser-grabs\/thumbs\/thumbs_P1100050.JPG\"\n               data-image-id=\"127\"\n               data-title=\"P1100050\"\n               data-description=\"\"\n               data-image-slug=\"p1100050\"\n               class=\"ngg-simplelightbox\" rel=\"744e4cfc06df8e614e0b9f3844e73594\">\n                <img\n                    title=\"P1100050\"\n                    alt=\"P1100050\"\n                    src=\"https:\/\/alfred-frey.ch\/wp-content\/gallery\/2017-sulser-grabs\/thumbs\/thumbs_P1100050.JPG\"\n                    width=\"200\"\n                    height=\"150\"\n                    style=\"max-width:100%;\"\n                \/>\n            <\/a>\n        <\/div>\n\t\t\t\t\t\t\t<\/div> \n\t\t\t\n\t\t\t\t<div id=\"ngg-image-3\" class=\"ngg-gallery-thumbnail-box \" >\n\t\t\t\t        <div class=\"ngg-gallery-thumbnail\">\n            <a href=\"https:\/\/alfred-frey.ch\/wp-content\/gallery\/2017-sulser-grabs\/P1100057.JPG\"\n               title=\"\"\n               data-src=\"https:\/\/alfred-frey.ch\/wp-content\/gallery\/2017-sulser-grabs\/P1100057.JPG\"\n               data-thumbnail=\"https:\/\/alfred-frey.ch\/wp-content\/gallery\/2017-sulser-grabs\/thumbs\/thumbs_P1100057.JPG\"\n               data-image-id=\"128\"\n               data-title=\"P1100057\"\n               data-description=\"\"\n               data-image-slug=\"p1100057\"\n               class=\"ngg-simplelightbox\" rel=\"744e4cfc06df8e614e0b9f3844e73594\">\n                <img\n                    title=\"P1100057\"\n                    alt=\"P1100057\"\n                    src=\"https:\/\/alfred-frey.ch\/wp-content\/gallery\/2017-sulser-grabs\/thumbs\/thumbs_P1100057.JPG\"\n                    width=\"200\"\n                    height=\"150\"\n                    style=\"max-width:100%;\"\n                \/>\n            <\/a>\n        <\/div>\n\t\t\t\t\t\t\t<\/div> \n\t\t\t\n\t\t\t\t<div id=\"ngg-image-4\" class=\"ngg-gallery-thumbnail-box \" >\n\t\t\t\t        <div class=\"ngg-gallery-thumbnail\">\n            <a href=\"https:\/\/alfred-frey.ch\/wp-content\/gallery\/2017-sulser-grabs\/P1100410.JPG\"\n               title=\"\"\n               data-src=\"https:\/\/alfred-frey.ch\/wp-content\/gallery\/2017-sulser-grabs\/P1100410.JPG\"\n               data-thumbnail=\"https:\/\/alfred-frey.ch\/wp-content\/gallery\/2017-sulser-grabs\/thumbs\/thumbs_P1100410.JPG\"\n               data-image-id=\"129\"\n               data-title=\"P1100410\"\n               data-description=\"\"\n               data-image-slug=\"p1100410\"\n               class=\"ngg-simplelightbox\" rel=\"744e4cfc06df8e614e0b9f3844e73594\">\n                <img\n                    title=\"P1100410\"\n                    alt=\"P1100410\"\n                    src=\"https:\/\/alfred-frey.ch\/wp-content\/gallery\/2017-sulser-grabs\/thumbs\/thumbs_P1100410.JPG\"\n                    width=\"200\"\n                    height=\"150\"\n                    style=\"max-width:100%;\"\n                \/>\n            <\/a>\n        <\/div>\n\t\t\t\t\t\t\t<\/div> \n\t\t\t\n\t\t\t\t<div id=\"ngg-image-5\" class=\"ngg-gallery-thumbnail-box \" >\n\t\t\t\t        <div class=\"ngg-gallery-thumbnail\">\n            <a href=\"https:\/\/alfred-frey.ch\/wp-content\/gallery\/2017-sulser-grabs\/P1100968.JPG\"\n               title=\"\"\n               data-src=\"https:\/\/alfred-frey.ch\/wp-content\/gallery\/2017-sulser-grabs\/P1100968.JPG\"\n               data-thumbnail=\"https:\/\/alfred-frey.ch\/wp-content\/gallery\/2017-sulser-grabs\/thumbs\/thumbs_P1100968.JPG\"\n               data-image-id=\"130\"\n               data-title=\"P1100968\"\n               data-description=\"\"\n               data-image-slug=\"p1100968\"\n               class=\"ngg-simplelightbox\" rel=\"744e4cfc06df8e614e0b9f3844e73594\">\n                <img\n                    title=\"P1100968\"\n                    alt=\"P1100968\"\n                    src=\"https:\/\/alfred-frey.ch\/wp-content\/gallery\/2017-sulser-grabs\/thumbs\/thumbs_P1100968.JPG\"\n                    width=\"200\"\n                    height=\"150\"\n                    style=\"max-width:100%;\"\n                \/>\n            <\/a>\n        <\/div>\n\t\t\t\t\t\t\t<\/div> \n\t\t\t\n\t\n\t<br style=\"clear: both\" \/>\n\n\t\n\t\t<!-- Pagination -->\n\t<div class='ngg-clear'><\/div>\t<\/div>\n\n","protected":false},"excerpt":{"rendered":"<p>Objekt:&nbsp;&nbsp; Anbau an MFH, Stockenhof, 9472 Grabs Ausgef\u00fchrte Arbeiten:&nbsp;&nbsp; Holzelemente f\u00fcr 4 Loggias und Abstellr\u00e4ume mit Fassade inkl. Fachplanung Bauherrschaft: &nbsp; Familie Daniela &amp; Martin Sulser<\/p>\n","protected":false},"author":2,"featured_media":0,"parent":265,"menu_order":920,"comment_status":"closed","ping_status":"closed","template":"","meta":{"ngg_post_thumbnail":0,"footnotes":""},"_links":{"self":[{"href":"https:\/\/alfred-frey.ch\/index.php?rest_route=\/wp\/v2\/pages\/463"}],"collection":[{"href":"https:\/\/alfred-frey.ch\/index.php?rest_route=\/wp\/v2\/pages"}],"about":[{"href":"https:\/\/alfred-frey.ch\/index.php?rest_route=\/wp\/v2\/types\/page"}],"author":[{"embeddable":true,"href":"https:\/\/alfred-frey.ch\/index.php?rest_route=\/wp\/v2\/users\/2"}],"replies":[{"embeddable":true,"href":"https:\/\/alfred-frey.ch\/index.php?rest_route=%2Fwp%2Fv2%2Fcomments&post=463"}],"version-history":[{"count":8,"href":"https:\/\/alfred-frey.ch\/index.php?rest_route=\/wp\/v2\/pages\/463\/revisions"}],"predecessor-version":[{"id":648,"href":"https:\/\/alfred-frey.ch\/index.php?rest_route=\/wp\/v2\/pages\/463\/revisions\/648"}],"up":[{"embeddable":true,"href":"https:\/\/alfred-frey.ch\/index.php?rest_route=\/wp\/v2\/pages\/265"}],"wp:attachment":[{"href":"https:\/\/alfred-frey.ch\/index.php?rest_route=%2Fwp%2Fv2%2Fmedia&parent=463"}],"curies":[{"name":"wp","href":"https:\/\/api.w.org\/{rel}","templated":true}]}}