{"id":40,"date":"2014-12-17T19:07:09","date_gmt":"2014-12-17T17:07:09","guid":{"rendered":"http:\/\/www.alfred-frey.ch\/wordpress\/?page_id=40"},"modified":"2019-01-15T16:54:29","modified_gmt":"2019-01-15T14:54:29","slug":"projekt-1","status":"publish","type":"page","link":"https:\/\/alfred-frey.ch\/?page_id=40","title":{"rendered":"FreSu"},"content":{"rendered":"<p><strong>Ziele des Haustyps FreSu:<\/strong><\/p>\n<p><strong><span style=\"font-family: Verdana, Arial, Helvetica, sans-serif; font-size: small;\">Arbeit<\/span><\/strong><\/p>\n<ul>\n<li><span style=\"font-family: Verdana, Arial, Helvetica, sans-serif; font-size: small;\">integrale Planung, ber\u00fccksichtigung der verschiedenen Bed\u00fcrfnisse von Anfang an.<\/span><\/li>\n<li><span style=\"font-family: Verdana, Arial, Helvetica, sans-serif; font-size: small;\">M\u00f6glichst in der Region vergeben.<\/span><\/li>\n<li><span style=\"font-family: Verdana, Arial, Helvetica, sans-serif; font-size: small;\">Elementbau \/ Tafelbau, gr\u00f6sstenteils unter optimalen Bedingungen hergestellt.<\/span><span style=\"font-family: Verdana, Arial, Helvetica, sans-serif; font-size: small;\">&nbsp;<\/span><\/li>\n<\/ul>\n<p><strong><span style=\"font-family: Verdana, Arial, Helvetica, sans-serif; font-size: small;\">Materialien<\/span><\/strong><\/p>\n<ul>\n<li><span style=\"font-family: Verdana, Arial, Helvetica, sans-serif; font-size: small;\">hohe Wertsch\u00f6pfung in der Region<\/span><\/li>\n<li><span style=\"font-family: Verdana, Arial, Helvetica, sans-serif; font-size: small;\">baubiologisch unbedenklich<\/span><\/li>\n<li><span style=\"font-family: Verdana, Arial, Helvetica, sans-serif; font-size: small;\">m\u00f6glichst wenig graue Energie<\/span><\/li>\n<li><span style=\"font-family: Verdana, Arial, Helvetica, sans-serif; font-size: small;\">gute bauphysikalische Eigenschaften<\/span><\/li>\n<li><span style=\"font-family: Verdana, Arial, Helvetica, sans-serif; font-size: small;\">wenn m\u00f6glich erneuerbar<\/span><\/li>\n<li><span style=\"font-family: Verdana, Arial, Helvetica, sans-serif; font-size: small;\">wiederverwendbar<\/span><\/li>\n<li><span style=\"font-family: Verdana, Arial, Helvetica, sans-serif; font-size: small;\">dauerhaft<\/span><\/li>\n<li><span style=\"font-family: Verdana, Arial, Helvetica, sans-serif; font-size: small;\">problemloser R\u00fcckbau \/ Entsorgung<\/span><\/li>\n<\/ul>\n<p><strong>Energietechnik<\/strong><\/p>\n<ul>\n<li><span style=\"font-family: Verdana, Arial, Helvetica, sans-serif; font-size: small;\">Verwendung gr\u00f6sstenteils erneuerbarer Energie<\/span><\/li>\n<li><span style=\"font-family: Verdana, Arial, Helvetica, sans-serif; font-size: small;\">Sonnenkollektoren f\u00fcr BWW und Heizungsunterst\u00fctzung<\/span><\/li>\n<li><span style=\"font-family: Verdana, Arial, Helvetica, sans-serif; font-size: small;\">Erdregister zur Luftvorw\u00e4rmung<\/span><\/li>\n<li><span style=\"font-family: Verdana, Arial, Helvetica, sans-serif; font-size: small;\">Holzofen mit Wassereinsatz zur Abdeckung des Spitzenbedarfs; BWW und Heizung<\/span><\/li>\n<li><span style=\"font-family: Verdana, Arial, Helvetica, sans-serif; font-size: small;\">Sehr geringer Verbrauch des Bauk\u00f6rpers<\/span><\/li>\n<li><span style=\"font-family: Verdana, Arial, Helvetica, sans-serif; font-size: small;\">einsparen des herk\u00f6mmlichen Zentralheizsystems<\/span><\/li>\n<li><span style=\"font-family: Verdana, Arial, Helvetica, sans-serif; font-size: small;\">W\u00e4rmeverteilung \u00fcber L\u00fcftungssystem<\/span><\/li>\n<li><span style=\"font-family: Verdana, Arial, Helvetica, sans-serif; font-size: small;\">Minimierung der Verluste<\/span><\/li>\n<li><span style=\"font-family: Verdana, Arial, Helvetica, sans-serif; font-size: small;\">Isolation; geringe Transmissionsverluste<\/span><\/li>\n<li><span style=\"font-family: Verdana, Arial, Helvetica, sans-serif; font-size: small;\">winddichte Bauh\u00fclle; geringer nat\u00fcrlicher Luftwechsel<\/span><\/li>\n<li><span style=\"font-family: Verdana, Arial, Helvetica, sans-serif; font-size: small;\">mechanische Wohnungslufterneuerungsanlage mit Luft &#8211; WRG<\/span><\/li>\n<li><span style=\"font-family: Verdana, Arial, Helvetica, sans-serif; font-size: small;\">WRG aus Brauchwarmwasser.<\/span><\/li>\n<li><span style=\"font-family: Verdana, Arial, Helvetica, sans-serif; font-size: small;\">Passive solare Optimierung<\/span><\/li>\n<li><span style=\"font-family: Verdana, Arial, Helvetica, sans-serif; font-size: small;\">Ausrichtung nach S\u00fcden<\/span><\/li>\n<li><span style=\"font-family: Verdana, Arial, Helvetica, sans-serif; font-size: small;\">optimale Form; grosse S\u00fcdfassade<\/span><\/li>\n<li><span style=\"font-family: Verdana, Arial, Helvetica, sans-serif; font-size: small;\">helle R\u00e4ume<\/span><\/li>\n<li><span style=\"font-family: Verdana, Arial, Helvetica, sans-serif; font-size: small;\">Optimierung des Aufwandes an grauer Energie<\/span><\/li>\n<li><span style=\"font-family: Verdana, Arial, Helvetica, sans-serif; font-size: small;\">Holzbau; \u00f0 Einziger nachwachsender Rohstoff der Schweiz<\/span><\/li>\n<li><span style=\"font-family: Verdana, Arial, Helvetica, sans-serif; font-size: small;\">Recycling &#8211; Isolation; z.B. Zelluloseflocken<\/span><\/li>\n<\/ul>\n<p><span style=\"font-family: Verdana, Arial, Helvetica, sans-serif; font-size: small;\">&nbsp;<\/span><\/p>\n<p><span style=\"font-family: Verdana, Arial, Helvetica, sans-serif; font-size: small;\">ENERGIEVERBRAUCH WEIT UNTER DEN MINERGIE &#8211; STANDARD VORGABEN<br \/>\nW\u00c4RME&nbsp; 45 kWh\/m2a&nbsp;&nbsp; ;&nbsp; HAUSHALTELEKTRIZIT\u00c4T&nbsp; 17 kWh\/m<\/span><\/p>\n<p><span style=\"font-family: Verdana, Arial, Helvetica, sans-serif; font-size: small;\"><strong>Kosten&nbsp;&nbsp;&nbsp;&nbsp;&nbsp;<\/strong>&nbsp;&nbsp;&nbsp;&nbsp;&nbsp;<\/span><\/p>\n<ul>\n<li><span style=\"font-family: Verdana, Arial, Helvetica, sans-serif; font-size: small;\">G\u00fcnstiger oder \u00e4hnlich wie konventioneller Bau durch:<\/span><\/li>\n<li><span style=\"font-family: Verdana, Arial, Helvetica, sans-serif; font-size: small;\">einfache Formen<\/span><\/li>\n<li><span style=\"font-family: Verdana, Arial, Helvetica, sans-serif; font-size: small;\">kurze Medienleitungen<\/span><\/li>\n<li><span style=\"font-family: Verdana, Arial, Helvetica, sans-serif; font-size: small;\">Einsparung des konventionellen Heizsystems<\/span><\/li>\n<li><span style=\"font-family: Verdana, Arial, Helvetica, sans-serif; font-size: small;\">tiefe Betriebskosten durch geringen Verbrauch<\/span><\/li>\n<li><span style=\"font-family: Verdana, Arial, Helvetica, sans-serif; font-size: small;\">m\u00f6glichst kosteng\u00fcnstige Elementfertigung in der Halle<\/span><\/li>\n<li><span style=\"font-family: Verdana, Arial, Helvetica, sans-serif; font-size: small;\">Verwendung roher Ausgangsmaterielien<\/span><\/li>\n<\/ul>\n<p><span style=\"font-family: Verdana, Arial, Helvetica, sans-serif; font-size: small;\"><strong>Funktionalit\u00e4t \/ Komfort&nbsp;<\/strong>&nbsp;&nbsp;&nbsp;&nbsp;&nbsp;&nbsp;&nbsp;&nbsp;&nbsp;<\/span><\/p>\n<ul>\n<li><span style=\"font-family: Verdana, Arial, Helvetica, sans-serif; font-size: small;\">variables Raumkonzept (oberer Stock abtrennbar und vermietbar)<\/span><\/li>\n<li><span style=\"font-family: Verdana, Arial, Helvetica, sans-serif; font-size: small;\">zentraler Versorgungsstrang mit Reserven<\/span><\/li>\n<li><span style=\"font-family: Verdana, Arial, Helvetica, sans-serif; font-size: small;\">flexibles, ausbaubares Elektrikkonzept<\/span><\/li>\n<li><span style=\"font-family: Verdana, Arial, Helvetica, sans-serif; font-size: small;\">automatisierung der Storen<\/span><\/li>\n<li><span style=\"font-family: Verdana, Arial, Helvetica, sans-serif; font-size: small;\">Einzelraumregulierung<\/span><\/li>\n<\/ul>\n<p><span style=\"font-family: Verdana, Arial, Helvetica, sans-serif; font-size: small;\"><strong>\u00d6kologie&nbsp;<\/strong>&nbsp;&nbsp;&nbsp;&nbsp;&nbsp;&nbsp;<\/span><\/p>\n<ul>\n<li><span style=\"font-family: Verdana, Arial, Helvetica, sans-serif; font-size: small;\">Holz ist Kohlenstoffspeicher und Verl\u00e4ngerung des Kreislaufs durch den Holzhausbau.<\/span><\/li>\n<li><span style=\"font-family: Verdana, Arial, Helvetica, sans-serif; font-size: small;\">Regenwassernutzung<\/span><\/li>\n<li><span style=\"font-family: Verdana, Arial, Helvetica, sans-serif; font-size: small;\">Versickerung des ungenutzten Meteorwasser<\/span><\/li>\n<li><span style=\"font-family: Verdana, Arial, Helvetica, sans-serif; font-size: small;\">Rasengittersteine anstelle geteerter Pl\u00e4tze<\/span><\/li>\n<li><span style=\"font-family: Verdana, Arial, Helvetica, sans-serif; font-size: small;\">reduzierte Schwermetallemissionen in Kl\u00e4ranlagen (z.B. UGINOX anstelle Kupfer)<\/span><\/li>\n<li><span style=\"font-family: Verdana, Arial, Helvetica, sans-serif; font-size: small;\">keine entsorgungstechnisch problematische Baustoffe (z.B. PE- anstatt PVC &#8211; Rohre)<\/span><\/li>\n<\/ul>\n","protected":false},"excerpt":{"rendered":"<p>Ziele des Haustyps FreSu: Arbeit integrale Planung, ber\u00fccksichtigung der verschiedenen Bed\u00fcrfnisse von Anfang an. M\u00f6glichst in der Region vergeben. Elementbau \/ Tafelbau, gr\u00f6sstenteils unter optimalen Bedingungen hergestellt.&nbsp; Materialien hohe Wertsch\u00f6pfung in der Region baubiologisch unbedenklich m\u00f6glichst wenig graue Energie gute bauphysikalische Eigenschaften wenn m\u00f6glich erneuerbar wiederverwendbar dauerhaft problemloser R\u00fcckbau \/ Entsorgung Energietechnik Verwendung gr\u00f6sstenteils erneuerbarer [&hellip;]<\/p>\n","protected":false},"author":1,"featured_media":0,"parent":38,"menu_order":5,"comment_status":"closed","ping_status":"closed","template":"","meta":{"ngg_post_thumbnail":0,"footnotes":""},"_links":{"self":[{"href":"https:\/\/alfred-frey.ch\/index.php?rest_route=\/wp\/v2\/pages\/40"}],"collection":[{"href":"https:\/\/alfred-frey.ch\/index.php?rest_route=\/wp\/v2\/pages"}],"about":[{"href":"https:\/\/alfred-frey.ch\/index.php?rest_route=\/wp\/v2\/types\/page"}],"author":[{"embeddable":true,"href":"https:\/\/alfred-frey.ch\/index.php?rest_route=\/wp\/v2\/users\/1"}],"replies":[{"embeddable":true,"href":"https:\/\/alfred-frey.ch\/index.php?rest_route=%2Fwp%2Fv2%2Fcomments&post=40"}],"version-history":[{"count":8,"href":"https:\/\/alfred-frey.ch\/index.php?rest_route=\/wp\/v2\/pages\/40\/revisions"}],"predecessor-version":[{"id":317,"href":"https:\/\/alfred-frey.ch\/index.php?rest_route=\/wp\/v2\/pages\/40\/revisions\/317"}],"up":[{"embeddable":true,"href":"https:\/\/alfred-frey.ch\/index.php?rest_route=\/wp\/v2\/pages\/38"}],"wp:attachment":[{"href":"https:\/\/alfred-frey.ch\/index.php?rest_route=%2Fwp%2Fv2%2Fmedia&parent=40"}],"curies":[{"name":"wp","href":"https:\/\/api.w.org\/{rel}","templated":true}]}}